{"id":72,"date":"2014-03-24T17:31:56","date_gmt":"2014-03-24T15:31:56","guid":{"rendered":"http:\/\/www.ursula-neugebauer.de\/?page_id=72"},"modified":"2024-10-01T15:49:34","modified_gmt":"2024-10-01T13:49:34","slug":"bibliografie","status":"publish","type":"page","link":"https:\/\/www.ursula-neugebauer.de\/?page_id=72","title":{"rendered":"publication"},"content":{"rendered":"\n<h2 class=\"wp-block-heading\" id=\"kataloge\">Kataloge<a href=\"http:\/\/www.ursula-neugebauer.de\/wp-content\/uploads\/2024\/09\/COVER_Isbn_978-3-99153-090-9.jpg\"><img decoding=\"async\" loading=\"lazy\" class=\"alignnone size-full wp-image-512\" src=\"http:\/\/www.ursula-neugebauer.de\/wp-content\/uploads\/2024\/09\/COVER_Isbn_978-3-99153-090-9.jpg\" alt=\"\" width=\"2500\" height=\"2099\" srcset=\"https:\/\/www.ursula-neugebauer.de\/wp-content\/uploads\/2024\/09\/COVER_Isbn_978-3-99153-090-9.jpg 2500w, https:\/\/www.ursula-neugebauer.de\/wp-content\/uploads\/2024\/09\/COVER_Isbn_978-3-99153-090-9-300x252.jpg 300w, https:\/\/www.ursula-neugebauer.de\/wp-content\/uploads\/2024\/09\/COVER_Isbn_978-3-99153-090-9-1024x860.jpg 1024w, https:\/\/www.ursula-neugebauer.de\/wp-content\/uploads\/2024\/09\/COVER_Isbn_978-3-99153-090-9-768x645.jpg 768w, https:\/\/www.ursula-neugebauer.de\/wp-content\/uploads\/2024\/09\/COVER_Isbn_978-3-99153-090-9-1536x1290.jpg 1536w, https:\/\/www.ursula-neugebauer.de\/wp-content\/uploads\/2024\/09\/COVER_Isbn_978-3-99153-090-9-2048x1720.jpg 2048w\" sizes=\"(max-width: 2500px) 100vw, 2500px\" \/><\/a><\/h2>\n\n\n\n<ul>\n<li><span class=\"s1\">Ursula Neugebauer<br>Meer ohne Horizont<\/span><\/li>\n<\/ul>\n\n\n\n<p><span class=\"s-c2\">mit Texten von: Dr. Alexander Garc\u00eda D\u00fcttmann, Matthias Reichelt, Dr. Gerda Ridler, Alexander Steig<\/span><\/p>\n\n\n\n<p><span class=\"s1\">Erschienen im <\/span>Verlag f\u00fcr moderne Kunst, Wien, 2024, <span class=\"s-c1\">ISBN <\/span><span class=\"s-c2\">978-3-99153-090-9<br><\/span><\/p>\n\n\n\n<h2 class=\"wp-block-heading\" id=\"kataloge\">&nbsp;<\/h2>\n\n\n\n<figure class=\"wp-block-image size-large\"><a href=\"https:\/\/www.ursula-neugebauer.de\/wp-content\/uploads\/2024\/10\/en-face-Kopie-1.jpg\"><img decoding=\"async\" loading=\"lazy\" width=\"1024\" height=\"1024\" src=\"https:\/\/www.ursula-neugebauer.de\/wp-content\/uploads\/2024\/10\/en-face-Kopie-1-1024x1024.jpg\" alt=\"\" class=\"wp-image-871\" srcset=\"https:\/\/www.ursula-neugebauer.de\/wp-content\/uploads\/2024\/10\/en-face-Kopie-1-1024x1024.jpg 1024w, https:\/\/www.ursula-neugebauer.de\/wp-content\/uploads\/2024\/10\/en-face-Kopie-1-300x300.jpg 300w, https:\/\/www.ursula-neugebauer.de\/wp-content\/uploads\/2024\/10\/en-face-Kopie-1-150x150.jpg 150w, https:\/\/www.ursula-neugebauer.de\/wp-content\/uploads\/2024\/10\/en-face-Kopie-1-768x768.jpg 768w, https:\/\/www.ursula-neugebauer.de\/wp-content\/uploads\/2024\/10\/en-face-Kopie-1.jpg 1200w\" sizes=\"(max-width: 1024px) 100vw, 1024px\" \/><\/a><\/figure>\n\n\n\n<p><a href=\"http:\/\/www.ursula-neugebauer.de\/wp-content\/uploads\/2014\/03\/en-face.jpg\"><br><\/a><\/p>\n\n\n\n<ul>\n<li>\n<p class=\"p1\"><span class=\"s1\">Ursula Neugebauer<br><\/span>en face<br>Kurf\u00fcrstenstra\u00dfe<br>Berlin<\/p>\n<p class=\"p2\">mit Texten von:<br>Johanna Di Blasi<br>Bazon Brock<br>Luca Di Blasi<br><span class=\"s1\"><br>Erschienen im <\/span>Verlag Kettler, Dortmund,&nbsp;2015 ISBN 978-3-86206-480-9<\/p>\n<\/li>\n<\/ul>\n\n\n\n<h2 class=\"wp-block-heading\">Edition<a style=\"font-size: 1.5em; line-height: 1.5em;\" href=\"http:\/\/www.ursula-neugebauer.de\/wp-content\/uploads\/2014\/03\/edition.jpg\"><br><img decoding=\"async\" loading=\"lazy\" class=\"alignnone  wp-image-342\" src=\"http:\/\/www.ursula-neugebauer.de\/wp-content\/uploads\/2014\/03\/edition.jpg\" alt=\"edition\" width=\"432\" height=\"540\" srcset=\"https:\/\/www.ursula-neugebauer.de\/wp-content\/uploads\/2014\/03\/edition.jpg 1200w, https:\/\/www.ursula-neugebauer.de\/wp-content\/uploads\/2014\/03\/edition-240x300.jpg 240w, https:\/\/www.ursula-neugebauer.de\/wp-content\/uploads\/2014\/03\/edition-819x1024.jpg 819w\" sizes=\"(max-width: 432px) 100vw, 432px\" \/><\/a><\/h2>\n\n\n\n<ul>\n<li>Ursula Neugebauer<br><span style=\"color: #000000;\"><span style=\"font-family: Helvetica, sans-serif;\">Das gr\u00f6sste Gl\u00fcck, welches vorstellbar ist<br><\/span><\/span><span style=\"color: #000000;\"><span style=\"font-family: Helvetica, sans-serif;\">Video, 2 min 7 sec 2010 \/ 2012<br><\/span><\/span><span style=\"color: #000000;\"><span style=\"font-family: Helvetica, sans-serif;\"><a href=\"http:\/\/werkstadt.at\/werkstadt_neu\/index.php?pageid=112\">EDITION WERKSTADT GRAZ<\/a>,<br><\/span><\/span><span style=\"color: #000000;\"><span style=\"font-family: Helvetica, sans-serif;\">Mappe, DVD, Plakat, Postkarte, Auflage 7.<br><\/span><\/span><span style=\"color: #000000;\"><span style=\"font-family: Helvetica, sans-serif;\">MAX GANSBERGER, Siebdruck und Grafik<\/span><\/span><\/li>\n<\/ul>\n\n\n\n<h2 class=\"wp-block-heading\" id=\"kataloge\">Kataloge<\/h2>\n\n\n\n<figure class=\"wp-block-image\"><a href=\"http:\/\/www.ursula-neugebauer.de\/wp-content\/uploads\/2014\/03\/LInconnue.jpg\"><img decoding=\"async\" loading=\"lazy\" width=\"1200\" height=\"1032\" src=\"http:\/\/www.ursula-neugebauer.de\/wp-content\/uploads\/2014\/03\/LInconnue.jpg\" alt=\"L'Inconnue\" class=\"wp-image-344\" srcset=\"https:\/\/www.ursula-neugebauer.de\/wp-content\/uploads\/2014\/03\/LInconnue.jpg 1200w, https:\/\/www.ursula-neugebauer.de\/wp-content\/uploads\/2014\/03\/LInconnue-300x258.jpg 300w, https:\/\/www.ursula-neugebauer.de\/wp-content\/uploads\/2014\/03\/LInconnue-1024x880.jpg 1024w\" sizes=\"(max-width: 1200px) 100vw, 1200px\" \/><\/a><\/figure>\n\n\n\n<ul>\n<li>Ursula Neugebauer<br>L\u2019 Inconnue<br>Texte: Michael Stoeber, G\u00fcnter Moseler, Ursula Neugebauer<br>Verlag f\u00fcr moderne Kunst, N\u00fcrnberg, 2012<\/li>\n<\/ul>\n\n\n\n<figure class=\"wp-block-image\"><a href=\"http:\/\/www.ursula-neugebauer.de\/wp-content\/uploads\/2014\/03\/aus-der-haut-gefahren.jpg\"><img decoding=\"async\" loading=\"lazy\" width=\"1200\" height=\"1032\" src=\"http:\/\/www.ursula-neugebauer.de\/wp-content\/uploads\/2014\/03\/aus-der-haut-gefahren.jpg\" alt=\"aus der haut gefahren\" class=\"wp-image-341\" srcset=\"https:\/\/www.ursula-neugebauer.de\/wp-content\/uploads\/2014\/03\/aus-der-haut-gefahren.jpg 1200w, https:\/\/www.ursula-neugebauer.de\/wp-content\/uploads\/2014\/03\/aus-der-haut-gefahren-300x258.jpg 300w, https:\/\/www.ursula-neugebauer.de\/wp-content\/uploads\/2014\/03\/aus-der-haut-gefahren-1024x880.jpg 1024w\" sizes=\"(max-width: 1200px) 100vw, 1200px\" \/><\/a><\/figure>\n\n\n\n<ul>\n<li>Ursula Neugebauer<br>aus der Haut gefahren<br>Texte: Jan Boecker, Martin Henatsch, Ursula Neugebauer, Matthias Reichelt, Manfred Schneckenburger, Michael Stoeber, Ferdinand Ullrich<br>Kunstverein Grafschaft Bentheim, Neuenhaus 2005<\/li>\n<\/ul>\n\n\n\n<figure class=\"wp-block-image\"><a href=\"http:\/\/www.ursula-neugebauer.de\/wp-content\/uploads\/2014\/03\/Nachla\u00df.jpg\"><img decoding=\"async\" loading=\"lazy\" width=\"1200\" height=\"927\" src=\"http:\/\/www.ursula-neugebauer.de\/wp-content\/uploads\/2014\/03\/Nachla\u00df.jpg\" alt=\"Nachla\u00df\" class=\"wp-image-345\" srcset=\"https:\/\/www.ursula-neugebauer.de\/wp-content\/uploads\/2014\/03\/Nachla\u00df.jpg 1200w, https:\/\/www.ursula-neugebauer.de\/wp-content\/uploads\/2014\/03\/Nachla\u00df-300x231.jpg 300w, https:\/\/www.ursula-neugebauer.de\/wp-content\/uploads\/2014\/03\/Nachla\u00df-1024x791.jpg 1024w\" sizes=\"(max-width: 1200px) 100vw, 1200px\" \/><\/a><\/figure>\n\n\n\n<ul>\n<li>Ursula Neugebauer<br>Nachla\u00df<br>Texte: Peter Borgmann, Werner Hamacher, Marcel Kopp, Ursula Neugebauer, Matthias Reichelt, Ingo Schymanski, Yvonne Wiesner<br>Verlag Stiftung K\u00fcnstlerdorf Sch\u00f6ppingen<br>Sch\u00f6ppingen 2003<\/li>\n<\/ul>\n\n\n\n<figure class=\"wp-block-image\"><a href=\"http:\/\/www.ursula-neugebauer.de\/wp-content\/uploads\/2014\/03\/tour-en-lair.jpg\"><img decoding=\"async\" loading=\"lazy\" width=\"1200\" height=\"900\" src=\"http:\/\/www.ursula-neugebauer.de\/wp-content\/uploads\/2014\/03\/tour-en-lair.jpg\" alt=\"tour en l'air\" class=\"wp-image-346\" srcset=\"https:\/\/www.ursula-neugebauer.de\/wp-content\/uploads\/2014\/03\/tour-en-lair.jpg 1200w, https:\/\/www.ursula-neugebauer.de\/wp-content\/uploads\/2014\/03\/tour-en-lair-300x225.jpg 300w, https:\/\/www.ursula-neugebauer.de\/wp-content\/uploads\/2014\/03\/tour-en-lair-1024x768.jpg 1024w\" sizes=\"(max-width: 1200px) 100vw, 1200px\" \/><\/a><\/figure>\n\n\n\n<ul>\n<li>Ursula Neugebauer<br>tour en l\u2019air<br>Texte: Sigrun Brunsiek, Ruth Falazik, Ursula Franke, Martin Henatsch<br>Zur Ausstellung tour en l\u2019air<br>Kunstverein Springhornhof in der L\u00fcneburger Heide<br>Neuenkirchen\/ Soltau 1998<\/li>\n<\/ul>\n\n\n\n<figure class=\"wp-block-image\"><a href=\"http:\/\/www.ursula-neugebauer.de\/wp-content\/uploads\/2014\/03\/vergewissern.jpg\"><img decoding=\"async\" loading=\"lazy\" width=\"1200\" height=\"856\" src=\"http:\/\/www.ursula-neugebauer.de\/wp-content\/uploads\/2014\/03\/vergewissern.jpg\" alt=\"vergewissern\" class=\"wp-image-348\" srcset=\"https:\/\/www.ursula-neugebauer.de\/wp-content\/uploads\/2014\/03\/vergewissern.jpg 1200w, https:\/\/www.ursula-neugebauer.de\/wp-content\/uploads\/2014\/03\/vergewissern-300x214.jpg 300w, https:\/\/www.ursula-neugebauer.de\/wp-content\/uploads\/2014\/03\/vergewissern-1024x730.jpg 1024w\" sizes=\"(max-width: 1200px) 100vw, 1200px\" \/><\/a><\/figure>\n\n\n\n<ul>\n<li>Ursula Neugebauer<br>vergewissern<br>Text Sigrun Brunsiek<br>Text zur Ausstellung vor der Natur \u2013 nach der Natur<br>Galerie im Kornhaus der Stadt Kirchheim unter Teck<br>Kirchheim unter Teck 1995<\/li>\n<\/ul>\n\n\n\n<figure class=\"wp-block-image size-large\"><img decoding=\"async\" loading=\"lazy\" width=\"796\" height=\"1024\" src=\"https:\/\/www.ursula-neugebauer.de\/wp-content\/uploads\/2024\/10\/Ursula-Neugebauer3-Kopie-796x1024.jpg\" alt=\"\" class=\"wp-image-872\" srcset=\"https:\/\/www.ursula-neugebauer.de\/wp-content\/uploads\/2024\/10\/Ursula-Neugebauer3-Kopie-796x1024.jpg 796w, https:\/\/www.ursula-neugebauer.de\/wp-content\/uploads\/2024\/10\/Ursula-Neugebauer3-Kopie-233x300.jpg 233w, https:\/\/www.ursula-neugebauer.de\/wp-content\/uploads\/2024\/10\/Ursula-Neugebauer3-Kopie-768x988.jpg 768w, https:\/\/www.ursula-neugebauer.de\/wp-content\/uploads\/2024\/10\/Ursula-Neugebauer3-Kopie-1195x1536.jpg 1195w, https:\/\/www.ursula-neugebauer.de\/wp-content\/uploads\/2024\/10\/Ursula-Neugebauer3-Kopie.jpg 1200w\" sizes=\"(max-width: 796px) 100vw, 796px\" \/><\/figure>\n\n\n\n<ul>\n<li>Ursula Neugebauer<br>Stipendiatin im K\u00fcnstlerdorf Sch\u00f6ppingen 92\/93<br>Text: Manfred Schneckenburger<br>Katalog 11<br>K\u00fcnstlerdorf Sch\u00f6ppingen, Sch\u00f6ppingen 1993<\/li>\n<\/ul>\n\n\n\n<figure class=\"wp-block-image\"><a href=\"http:\/\/www.ursula-neugebauer.de\/wp-content\/uploads\/2014\/03\/in-der-Ferne-aus-der-N\u00e4he.jpg\"><img decoding=\"async\" loading=\"lazy\" width=\"1200\" height=\"1440\" src=\"http:\/\/www.ursula-neugebauer.de\/wp-content\/uploads\/2014\/03\/in-der-Ferne-aus-der-N\u00e4he.jpg\" alt=\"in der Ferne aus der N\u00e4he\" class=\"wp-image-343\" srcset=\"https:\/\/www.ursula-neugebauer.de\/wp-content\/uploads\/2014\/03\/in-der-Ferne-aus-der-N\u00e4he.jpg 1200w, https:\/\/www.ursula-neugebauer.de\/wp-content\/uploads\/2014\/03\/in-der-Ferne-aus-der-N\u00e4he-250x300.jpg 250w, https:\/\/www.ursula-neugebauer.de\/wp-content\/uploads\/2014\/03\/in-der-Ferne-aus-der-N\u00e4he-853x1024.jpg 853w\" sizes=\"(max-width: 1200px) 100vw, 1200px\" \/><\/a><\/figure>\n\n\n\n<ul>\n<li>Ursula Neugebauer<br>in der N\u00e4he aus der Ferne<br>Text: Timm Ulrichs<br>Studiogalerie XIV, Heft 2<br>Landschaftsverband Westfalen_Lippe, Westf\u00e4lisches Museumsamt<br>M\u00fcnster 1993<\/li>\n<\/ul>\n","protected":false},"excerpt":{"rendered":"<p>Kataloge mit Texten von: Dr. Alexander Garc\u00eda D\u00fcttmann, Matthias Reichelt, Dr. Gerda Ridler, Alexander Steig Erschienen im Verlag f\u00fcr moderne Kunst, Wien, 2024, ISBN 978-3-99153-090-9 &nbsp; Edition Kataloge<\/p>\n","protected":false},"author":1,"featured_media":0,"parent":0,"menu_order":3,"comment_status":"closed","ping_status":"closed","template":"","meta":{"footnotes":""},"_links":{"self":[{"href":"https:\/\/www.ursula-neugebauer.de\/index.php?rest_route=\/wp\/v2\/pages\/72"}],"collection":[{"href":"https:\/\/www.ursula-neugebauer.de\/index.php?rest_route=\/wp\/v2\/pages"}],"about":[{"href":"https:\/\/www.ursula-neugebauer.de\/index.php?rest_route=\/wp\/v2\/types\/page"}],"author":[{"embeddable":true,"href":"https:\/\/www.ursula-neugebauer.de\/index.php?rest_route=\/wp\/v2\/users\/1"}],"replies":[{"embeddable":true,"href":"https:\/\/www.ursula-neugebauer.de\/index.php?rest_route=%2Fwp%2Fv2%2Fcomments&post=72"}],"version-history":[{"count":29,"href":"https:\/\/www.ursula-neugebauer.de\/index.php?rest_route=\/wp\/v2\/pages\/72\/revisions"}],"predecessor-version":[{"id":873,"href":"https:\/\/www.ursula-neugebauer.de\/index.php?rest_route=\/wp\/v2\/pages\/72\/revisions\/873"}],"wp:attachment":[{"href":"https:\/\/www.ursula-neugebauer.de\/index.php?rest_route=%2Fwp%2Fv2%2Fmedia&parent=72"}],"curies":[{"name":"wp","href":"https:\/\/api.w.org\/{rel}","templated":true}]}}